{"version":"1.0","provider_name":"Halzebatz","provider_url":"https:\/\/halzebatz.eu\/fr\/","author_name":"Florent Bourla","author_url":"https:\/\/halzebatz.eu\/fr\/news\/author\/florent\/","title":"[Photos] Le bureau mobile re\u00e7oit sa fa\u00e7ade - Halzebatz","type":"rich","width":600,"height":338,"html":"<blockquote class=\"wp-embedded-content\" data-secret=\"nyOGa43sfN\"><a href=\"https:\/\/halzebatz.eu\/fr\/news\/photos-le-bureau-mobile-recoit-sa-facade\/\">[Photos] Le bureau mobile re\u00e7oit sa fa\u00e7ade<\/a><\/blockquote><iframe sandbox=\"allow-scripts\" security=\"restricted\" src=\"https:\/\/halzebatz.eu\/fr\/news\/photos-le-bureau-mobile-recoit-sa-facade\/embed\/#?secret=nyOGa43sfN\" width=\"600\" height=\"338\" title=\"\u00ab\u00a0[Photos] Le bureau mobile re\u00e7oit sa fa\u00e7ade\u00a0\u00bb &#8212; Halzebatz\" data-secret=\"nyOGa43sfN\" frameborder=\"0\" marginwidth=\"0\" marginheight=\"0\" scrolling=\"no\" class=\"wp-embedded-content\"><\/iframe><script>\n\/*! This file is auto-generated *\/\n!function(c,d){\"use strict\";var e=!1,o=!1;if(d.querySelector)if(c.addEventListener)e=!0;if(c.wp=c.wp||{},c.wp.receiveEmbedMessage);else if(c.wp.receiveEmbedMessage=function(e){var t=e.data;if(!t);else if(!(t.secret||t.message||t.value));else if(\/[^a-zA-Z0-9]\/.test(t.secret));else{for(var r,s,a,i=d.querySelectorAll('iframe[data-secret=\"'+t.secret+'\"]'),n=d.querySelectorAll('blockquote[data-secret=\"'+t.secret+'\"]'),o=new RegExp(\"^https?:$\",\"i\"),l=0;l<n.length;l++)n[l].style.display=\"none\";for(l=0;l<i.length;l++)if(r=i[l],e.source!==r.contentWindow);else{if(r.removeAttribute(\"style\"),\"height\"===t.message){if(1e3<(s=parseInt(t.value,10)))s=1e3;else if(~~s<200)s=200;r.height=s}if(\"link\"===t.message)if(s=d.createElement(\"a\"),a=d.createElement(\"a\"),s.href=r.getAttribute(\"src\"),a.href=t.value,!o.test(a.protocol));else if(a.host===s.host)if(d.activeElement===r)c.top.location.href=t.value}}},e)c.addEventListener(\"message\",c.wp.receiveEmbedMessage,!1),d.addEventListener(\"DOMContentLoaded\",t,!1),c.addEventListener(\"load\",t,!1);function t(){if(o);else{o=!0;for(var e,t,r,s=-1!==navigator.appVersion.indexOf(\"MSIE 10\"),a=!!navigator.userAgent.match(\/Trident.*rv:11\\.\/),i=d.querySelectorAll(\"iframe.wp-embedded-content\"),n=0;n<i.length;n++){if(!(r=(t=i[n]).getAttribute(\"data-secret\")))r=Math.random().toString(36).substr(2,10),t.src+=\"#?secret=\"+r,t.setAttribute(\"data-secret\",r);if(s||a)(e=t.cloneNode(!0)).removeAttribute(\"security\"),t.parentNode.replaceChild(e,t);t.contentWindow.postMessage({message:\"ready\",secret:r},\"*\")}}}}(window,document);\n<\/script>\n","thumbnail_url":"https:\/\/halzebatz.eu\/wp-content\/uploads\/2022\/02\/Le-bureau-mobile-recoit-sa-facade-1.jpeg","thumbnail_width":1920,"thumbnail_height":1080,"description":"NEWS [Photos] Le bureau mobile re\u00e7oit sa fa\u00e7ade 14 f\u00e9vrier 2022 Apr\u00e8s les plans,&nbsp;les premi\u00e8res photos et les \u00e9l\u00e9ments ext\u00e9rieurs, le bureau mobile re\u00e7oit actuellement sa fa\u00e7ade. Previous Next Cliquez sur les images pour les agrandir. Halzebatz donne vie \u00e0 votre projet de maison \/ bureau mobiles ! Discutons-en ensemble \u2192 Suivez notre actualit\u00e9 : [&hellip;]"}